{"id":5464,"date":"2025-09-08T03:38:00","date_gmt":"2025-09-08T00:38:00","guid":{"rendered":"https:\/\/casasurantalya.com\/hakkimizda\/surdurulebilir-politikalar\/"},"modified":"2025-09-09T21:12:05","modified_gmt":"2025-09-09T18:12:05","slug":"surdurulebilir-politikalar","status":"publish","type":"page","link":"https:\/\/casasurantalya.com\/tr\/hakkimizda\/surdurulebilir-politikalar\/","title":{"rendered":"S\u00fcrd\u00fcr\u00fclebilir Politikalar"},"content":{"rendered":"\n<div class=\"wp-block-columns is-layout-flex wp-container-core-columns-is-layout-28f84493 wp-block-columns-is-layout-flex\">\n<div class=\"wp-block-column is-layout-constrained wp-container-core-column-is-layout-b7ef97bc wp-block-column-is-layout-constrained\" style=\"padding-top:40px;padding-bottom:40px\">\n<h2 class=\"wp-block-heading\">BI\u0307YO\u00c7E\u015eI\u0307TLI\u0307LI\u0307K POLI\u0307TI\u0307KASI<\/h2>\n\n\n\n<p>Casa Sur Antalya olarak, Akdeniz&#8217;in e\u015fsiz do\u011fal miras\u0131n\u0131 ve ekosistemini korumay\u0131 \u00f6ncelikli g\u00f6revlerimizden biri olarak kabul ediyoruz. Bulundu\u011fumuz b\u00f6lgenin flora ve faunas\u0131n\u0131n korunmas\u0131, i\u015fletmemizin uzun vadeli s\u00fcrd\u00fcr\u00fclebilirli\u011fi a\u00e7\u0131s\u0131ndan da kritik \u00f6neme sahiptir. <\/p>\n\n\n\n<p>Bunun i\u00e7in;<\/p>\n\n\n\n<ul class=\"wp-block-list\">\n<li>Tesisimizde, \u00f6zellikle bah\u00e7emizde yer alan bitki ve hayvan t\u00fcrlerinin korunmas\u0131na \u00f6zen g\u00f6steriyor, do\u011fal ya\u015fam alanlar\u0131n\u0131n bozulmamas\u0131n\u0131 sa\u011fl\u0131yoruz.Hedefler koyar, \u00e7al\u0131\u015fanlar\u0131m\u0131z\u0131n da kat\u0131l\u0131m\u0131n\u0131 sa\u011flamak amac\u0131yla e\u011fitim programlar\u0131m\u0131zda enerji verimlili\u011fine yer veririz.<\/li>\n\n\n\n<li>Peyzaj \u00e7al\u0131\u015fmalar\u0131m\u0131zda endemik ve b\u00f6lgeye \u00f6zg\u00fc bitkileri tercih ediyor, bu sayede su tasarrufu sa\u011flarken biyolojik \u00e7e\u015fitlili\u011fi de destekliyoruz.Enerji verimli uygun \u00fcr\u00fcn, ekipman, te\u00e7hizat ve teknoloji alternatiflerini ara\u015ft\u0131r\u0131p bulmaya, sat\u0131n almaya ve kullanmaya \u00e7al\u0131\u015f\u0131r\u0131z.<\/li>\n\n\n\n<li>Kimyasal pestisit ve g\u00fcbre kullan\u0131m\u0131n\u0131 minimuma indiriyor, do\u011fal y\u00f6ntemleri \u00f6nceliklendiriyoruz.<\/li>\n\n\n\n<li>Misafirlerimizi do\u011faya zarar vermeyen davran\u0131\u015flara te\u015fvik etmek amac\u0131yla bilgilendirme materyalleri haz\u0131rl\u0131yor, onlar\u0131n da bu s\u00fcrece aktif katk\u0131 sa\u011flamas\u0131n\u0131 \u00f6nemsiyoruz.<\/li>\n\n\n\n<li>At\u0131klar\u0131m\u0131z\u0131 do\u011faya zarar vermeyecek \u015fekilde y\u00f6netiyor, geri d\u00f6n\u00fc\u015f\u00fcm\u00fc destekliyoruz.<\/li>\n<\/ul>\n\n\n\n<p>Amac\u0131m\u0131z yaln\u0131zca bulundu\u011fumuz alan\u0131 de\u011fil, \u00e7evredeki do\u011fal ya\u015fam\u0131 da koruyarak gelecek nesillere aktar\u0131lmas\u0131na katk\u0131 sa\u011flamakt\u0131r.<\/p>\n\n\n\n<h2 class=\"wp-block-heading\">\u00c7evre Koruma ve At\u0131k Y\u00f6netimi<\/h2>\n\n\n\n<p>\u0130\u015fletmemizde \u00e7evreyi korur, kirlenmesini \u00f6nler, \u00e7evreye olan olumsuz etkilerimizi azaltarak korunmas\u0131na \u00f6nem veririz.<\/p>\n\n\n\n<p>Bunun i\u00e7in;<\/p>\n\n\n\n<ul class=\"wp-block-list\">\n<li>Yasal d\u00fczenlemelere uyum sa\u011flar \u00e7evre etkimizi azaltmaya \u00e7al\u0131\u015f\u0131r\u0131z.<\/li>\n\n\n\n<li>At\u0131klar\u0131m\u0131z\u0131 kayna\u011f\u0131na, gruplar\u0131na ve tehlike s\u0131n\u0131flar\u0131na g\u00f6re etkin bir \u015fekilde ay\u0131rmaya \u00f6zen g\u00f6steririz.<\/li>\n\n\n\n<li>Tehlikeli maddeler ve kimyasallar\u0131n yaln\u0131zca ihtiya\u00e7 durumunda ve gerekti\u011fi kadar kullan\u0131lmas\u0131n\u0131n hem \u00e7evreye olan negatif etkilerini hem de at\u0131k miktar\u0131n\u0131 azaltaca\u011f\u0131n\u0131 biliriz,<\/li>\n\n\n\n<li>\u0130\u015fletmemizde kulland\u0131\u011f\u0131m\u0131z malzemelerde &#8220;geri d\u00f6n\u00fc\u015f\u00fcm&#8221; ve &#8220;\u00e7evre dostu&#8221; etiketi olanlar\u0131 tercih ederek do\u011fay\u0131 korumaya katk\u0131da bulunuruz. Yeniden kullan\u0131m f\u0131rsatlar\u0131 yaratmaya \u00e7al\u0131\u015f\u0131r\u0131z, <\/li>\n\n\n\n<li>K\u00e2\u011f\u0131t, pe\u00e7ete, tuvalet k\u00e2\u011f\u0131d\u0131, ambalaj gibi tek kullan\u0131ml\u0131k malzemeleri gerekti\u011fi kadar kullan\u0131p do\u011faya daha az at\u0131k b\u0131rakmaya \u00f6zen g\u00f6steririz,<\/li>\n\n\n\n<li>At\u0131klar\u0131 do\u011fru \u015fekilde, \u00f6zelliklerine g\u00f6re ayr\u0131 alanlarda depolar, yasal depolama s\u00fcre s\u0131n\u0131rlar\u0131n\u0131 a\u015fmadan lisansl\u0131\/yetkili firmalara teslim ederek, kay\u0131tlar\u0131n\u0131 muhafaza ederiz,<\/li>\n\n\n\n<li>Su, enerji ve t\u00fcm do\u011fal kaynaklar\u0131 tasarruflu kullanmaya \u00e7al\u0131\u015f\u0131r\u0131z. Bu hassasiyetimizi \u00e7al\u0131\u015fanlar\u0131m\u0131z, misafirlerimiz, tedarik\u00e7ilerimiz ile payla\u015f\u0131r\u0131z. <\/li>\n\n\n\n<li>\u00c7evre y\u00f6netimi konusundaki performans\u0131m\u0131z\u0131 \u00f6l\u00e7er, bu verileri hedefler ile izler ve performans\u0131m\u0131z\u0131 geli\u015ftirmeye \u00e7al\u0131\u015f\u0131r\u0131z.<\/li>\n\n\n\n<li>\u00c7al\u0131\u015fanlar\u0131m\u0131z\u0131 \u00e7evre konusunda e\u011fitmeyi ve duyarl\u0131l\u0131klar\u0131n\u0131 art\u0131rmay\u0131 ama\u00e7lar\u0131z.<\/li>\n<\/ul>\n\n\n\n<h2 class=\"wp-block-heading\">\u00c7ocuk Haklar\u0131 Politikas\u0131<\/h2>\n\n\n\n<p>\u00c7ocuklar bize gelece\u011fin emanetleridir. Onlar\u0131 bir birey olarak tan\u0131mak, haklar\u0131na sayg\u0131 duymak, her t\u00fcrl\u00fc psikolojik, fiziksel, ticari vb. s\u00f6m\u00fcr\u00fcye kar\u015f\u0131 g\u00f6zetmek ve korumak \u00f6ncelikli sorumlulu\u011fumuzdur.  <\/p>\n\n\n\n<p>Bunu sa\u011flamak i\u00e7in;<\/p>\n\n\n\n<ul class=\"wp-block-list\">\n<li>Kendi kurumlar\u0131m\u0131zda \u00e7ocuk i\u015f\u00e7i \u00e7al\u0131\u015ft\u0131r\u0131lmas\u0131na m\u00fcsaade etmez ve t\u00fcm i\u015f ortaklar\u0131m\u0131zdan da ayn\u0131 hassasiyeti bekleriz.<\/li>\n\n\n\n<li>\u0130\u015fletme i\u00e7erisinde \u00e7ocuklar\u0131n geli\u015fimine katk\u0131da bulunan, d\u00fc\u015f\u00fcnce ve isteklerini, duygular\u0131n\u0131 rahat\u00e7a ifade edebilecekleri, kendilerini \u00f6zg\u00fcr ve rahat hissedecekleri ortamlar\/imkanlar sunar\u0131z.<\/li>\n\n\n\n<li>\u00c7al\u0131\u015fanlar\u0131m\u0131za, \u00e7ocuk istismar\u0131n\u0131n \u00f6nlenmesi ve fark edilmesi konusunda e\u011fitimler veririz.<\/li>\n\n\n\n<li>\u00c7ocuklar\u0131n kat\u0131ld\u0131klar\u0131 aktivitelerde yeti\u015fkin g\u00f6zetimi alt\u0131nda olduklar\u0131ndan emin oluruz.<\/li>\n\n\n\n<li>\u00c7ocuk haklar\u0131n\u0131n korunmas\u0131 konusunda fark\u0131ndal\u0131k yaratmak i\u00e7in e\u011fitimler d\u00fczenler ve ilgili projelere destek veririz.<\/li>\n\n\n\n<li>\u00c7ocuklar ile ilgili \u015f\u00fcpheli eylemlere \u015fahit oldu\u011fumuzda \u00f6ncelikle otel y\u00f6netimine bilgi verir, gerekli g\u00f6r\u00fclen durumlarda resmi kurulu\u015flardan yard\u0131m isteriz.<\/li>\n<\/ul>\n\n\n\n<h2 class=\"wp-block-heading\">Enerji Verimlili\u011fi Politikas\u0131<\/h2>\n\n\n\n<p>D\u00fcnyam\u0131z\u0131 olas\u0131 tehlikelerden korumak i\u00e7in enerjimizi verimli kullan\u0131yor ve enerji sarfiyat\u0131m\u0131z\u0131 azaltmak i\u00e7in hedefler belirliyoruz.<\/p>\n\n\n\n<p>Bunun i\u00e7in;<\/p>\n\n\n\n<ul class=\"wp-block-list\">\n<li>Hem do\u011faya kar\u015f\u0131 sorumluluklar\u0131m\u0131z hem de yasal y\u00fck\u00fcml\u00fcl\u00fcklerimizi yerine getirmek \u00fczere ulusal ve uluslararas\u0131 standartlar\u0131, yasa ve d\u00fczenlemeleri takip eder, enerji kullan\u0131m\u0131n\u0131 azaltma ve\/veya enerji t\u00fcketim performans\u0131m\u0131z\u0131n s\u00fcrekli iyile\u015ftirilmesini sa\u011flayacak \u00e7al\u0131\u015fmalar\u0131 g\u00f6n\u00fcll\u00fc olarak y\u00fcr\u00fct\u00fcr, \u00e7al\u0131\u015fmalar\u0131m\u0131z\u0131n sonu\u00e7lar\u0131n\u0131 takip ederiz.<\/li>\n\n\n\n<li>Hedefler koyar, \u00e7al\u0131\u015fanlar\u0131m\u0131z\u0131n da kat\u0131l\u0131m\u0131n\u0131 sa\u011flamak amac\u0131yla e\u011fitim programlar\u0131m\u0131zda enerji verimlili\u011fine yer veririz.<\/li>\n\n\n\n<li>T\u00fcm payda\u015flar\u0131m\u0131zla enerji y\u00f6netimi konusunda ortak ama\u00e7lar ve sonu\u00e7lar yaratmak \u00fczere i\u015f birli\u011fi yapmay\u0131 \u00f6nemseriz. Bu konularda misafirlerimiz, \u00e7al\u0131\u015fanlar\u0131m\u0131z, ziyaret\u00e7ilerimiz ve t\u00fcm i\u015f ortaklar\u0131m\u0131z ile birlikte topyek\u00fbn bir fark\u0131ndal\u0131k ve bilin\u00e7 seviyesine ula\u015f\u0131lmas\u0131 ad\u0131na etkile\u015fimimizi s\u00fcrd\u00fcrmeye \u00e7al\u0131\u015f\u0131r\u0131z. <\/li>\n\n\n\n<li>Enerji verimli uygun \u00fcr\u00fcn, ekipman, te\u00e7hizat ve teknoloji alternatiflerini ara\u015ft\u0131r\u0131p bulmaya, sat\u0131n almaya ve kullanmaya \u00e7al\u0131\u015f\u0131r\u0131z.<\/li>\n\n\n\n<li>Enerji Y\u00f6netim Sistemimizi dok\u00fcmante etmeyi, t\u00fcm departmanlar\u0131m\u0131za yaymay\u0131, gerekti\u011finde g\u00fcncellemeyi, g\u00f6zden ge\u00e7irmeyi ve s\u00fcrekli olarak iyile\u015ftirmeyi hedefleriz.<\/li>\n\n\n\n<li>Enerji risklerini veya enerji k\u0131s\u0131t\u0131 gibi do\u011fabilecek acil durumlar\u0131 de\u011ferlendirir, al\u0131nabilecek \u00f6nlemleri planlar\u0131z.<\/li>\n<\/ul>\n\n\n\n<h2 class=\"wp-block-heading\">Esir Hayvan Politikas\u0131<\/h2>\n\n\n\n<p>Casa Sur Antalya olarak, hayvanlar\u0131n \u00f6zg\u00fcr ya\u015fam hakk\u0131na sayg\u0131 duyuyoruz. Turizm sekt\u00f6r\u00fcnde kimi zaman hayvanlar\u0131n e\u011flence arac\u0131 olarak kullan\u0131lmas\u0131na kar\u015f\u0131 net bir duru\u015f sergiliyoruz. <\/p>\n\n\n\n<p>Bunun i\u00e7in;<\/p>\n\n\n\n<ul class=\"wp-block-list\">\n<li>\u0130\u015fletmemizde hi\u00e7bir \u015fekilde esir hayvan kullan\u0131lmamaktad\u0131r. G\u00f6steri, foto\u011fraf \u00e7ekimi veya e\u011flence ama\u00e7l\u0131 hayvanlar\u0131n kullan\u0131lmas\u0131n\u0131 kesinlikle desteklemiyoruz. <\/li>\n\n\n\n<li>Hayvanlara zarar verecek ya da ya\u015fam alanlar\u0131n\u0131 k\u0131s\u0131tlayacak etkinlik ve i\u015f birliklerinden uzak duruyoruz.<\/li>\n\n\n\n<li>Misafirlerimizi hayvan s\u00f6m\u00fcr\u00fcs\u00fc i\u00e7eren aktiviteler yerine do\u011fa dostu ve etik deneyimlere y\u00f6nlendiriyoruz.<\/li>\n\n\n\n<li>\u00c7evredeki hayvan refah\u0131n\u0131 destekleyen giri\u015fimlere katk\u0131 sunuyor, gerekti\u011finde yard\u0131m kurulu\u015flar\u0131yla i\u015f birli\u011fi yap\u0131yoruz.<\/li>\n\n\n\n<li>&#8220;Turizmde etik&#8221; yakla\u015f\u0131m\u0131m\u0131z gere\u011fi, t\u00fcm canl\u0131lar\u0131n ya\u015fam hakk\u0131na sayg\u0131 g\u00f6sterilmesini temel de\u011ferlerimizden biri olarak kabul ediyoruz.<\/li>\n<\/ul>\n\n\n\n<h2 class=\"wp-block-heading\">G\u0131da G\u00fcvenli\u011fi Politikas\u0131<\/h2>\n\n\n\n<p>Misafirlerimizin sa\u011fl\u0131\u011f\u0131 ve g\u00fcvenli\u011fi i\u015fletmemizin temel \u00f6nceli\u011fidir. Bu do\u011frultuda g\u0131da g\u00fcvenli\u011fi, tedarik zincirinden taba\u011fa ula\u015fana kadar t\u00fcm a\u015famalarda titizlikle y\u00f6netilmektedir. <\/p>\n\n\n\n<p>Bunun i\u00e7in;<\/p>\n\n\n\n<ul class=\"wp-block-list\">\n<li>Kullan\u0131lan t\u00fcm g\u0131da \u00fcr\u00fcnlerinin g\u00fcvenilir, sertifikal\u0131 ve izlenebilir olmas\u0131na \u00f6zen g\u00f6steriyoruz. Hedefler koyar, \u00e7al\u0131\u015fanlar\u0131m\u0131z\u0131n da kat\u0131l\u0131m\u0131n\u0131 sa\u011flamak amac\u0131yla e\u011fitim programlar\u0131m\u0131zda enerji verimlili\u011fine yer veririz. <\/li>\n\n\n\n<li>Yerel \u00fcreticilerden temin etti\u011fimiz \u00fcr\u00fcnlerde hijyen standartlar\u0131n\u0131n yan\u0131 s\u0131ra do\u011fall\u0131k ve tazelik kriterlerini de g\u00f6zetiyoruz.<\/li>\n\n\n\n<li>Depolama, haz\u0131rlama, pi\u015firme ve servis s\u00fcre\u00e7lerinde uluslararas\u0131 g\u0131da g\u00fcvenli\u011fi standartlar\u0131na (HACCP, ISO vb.) uygun hareket ediyoruz.<\/li>\n\n\n\n<li>Mutfak personelimizi d\u00fczenli olarak hijyen ve g\u0131da g\u00fcvenli\u011fi konular\u0131nda e\u011fitiyor, denetimlerle s\u00fcre\u00e7lerin s\u00fcreklili\u011fini sa\u011fl\u0131yoruz.<\/li>\n\n\n\n<li>Men\u00fc planlamam\u0131zda sa\u011fl\u0131kl\u0131, dengeli ve alerjen bilgilerini i\u00e7eren se\u00e7enekler sunarak misafirlerimizin bilin\u00e7li tercihler yapmas\u0131n\u0131 destekliyoruz.<\/li>\n\n\n\n<li>G\u0131da israf\u0131n\u0131 \u00f6nlemek amac\u0131yla porsiyon kontrol\u00fc sa\u011fl\u0131yor, fazla yiyeceklerin uygun kanallar arac\u0131l\u0131\u011f\u0131yla de\u011ferlendirilmesini \u00f6nemsiyoruz.<\/li>\n<\/ul>\n\n\n\n<h2 class=\"wp-block-heading\">Kad\u0131n Haklar\u0131 ve Cinsiyet E\u015fitli\u011fi Politikas\u0131<\/h2>\n\n\n\n<p>\u0130\u015fletmemizde cinsiyet e\u015fitli\u011fine \u00f6nem veririz.<\/p>\n\n\n\n<ul class=\"wp-block-list\">\n<li>Cinsiyet fark\u0131 g\u00f6zetmeksizin t\u00fcm \u00e7al\u0131\u015fanlar\u0131m\u0131z\u0131n sa\u011fl\u0131k, g\u00fcvenlik ve refahlar\u0131n\u0131 sa\u011flar\u0131z.<\/li>\n\n\n\n<li>Kad\u0131nlar\u0131n i\u015f g\u00fcc\u00fcne kat\u0131l\u0131m\u0131n\u0131 t\u00fcm departmanlar\u0131m\u0131zda destekler, e\u015fit f\u0131rsatlar sunar\u0131z.<\/li>\n\n\n\n<li>Cinsiyet ayr\u0131m\u0131 yapmadan &#8220;e\u015fit i\u015fe e\u015fit \u00fccret&#8221; politikas\u0131 ile hareket ederiz.<\/li>\n\n\n\n<li>E\u015fitlik ilkesi g\u00f6zetilerek g\u00f6rev da\u011f\u0131l\u0131m\u0131 yapar\u0131z.<\/li>\n\n\n\n<li>Kariyer f\u0131rsatlar\u0131ndan e\u015fit d\u00fczeyde faydalan\u0131lmas\u0131 i\u00e7in gerekli ortam\u0131 sa\u011flar\u0131z.<\/li>\n\n\n\n<li>E\u011fitim politikalar\u0131 olu\u015fturur, kad\u0131nlar\u0131n kat\u0131l\u0131m\u0131na ve fark\u0131ndal\u0131\u011f\u0131n artmas\u0131na destek oluruz.<\/li>\n\n\n\n<li>\u0130\u015f-aile ya\u015fam dengesini koruyan \u00e7al\u0131\u015fma ortam\u0131 ve uygulamalar\u0131n\u0131 olu\u015ftururuz.<\/li>\n\n\n\n<li>Kad\u0131nlar\u0131n \u015firket y\u00f6netiminde olmalar\u0131 i\u00e7in destek verir, e\u015fit f\u0131rsatlar sunar\u0131z.<\/li>\n\n\n\n<li>Kad\u0131nlar\u0131n hi\u00e7bir \u015fekilde istismar, taciz, ayr\u0131mc\u0131l\u0131k, bast\u0131r\u0131lma, zorlama, iftira vb. durumlara maruz kalmas\u0131na m\u00fcsaade etmeyiz. D\u00fcnyaya ve kurumumuza katt\u0131klar\u0131 de\u011ferin daima fark\u0131nda olur ve varl\u0131klar\u0131n\u0131 destekleriz.  <\/li>\n<\/ul>\n\n\n\n<h2 class=\"wp-block-heading\">Yaban Hayat Politikas\u0131<\/h2>\n\n\n\n<p>Do\u011fal ya\u015fam alanlar\u0131n\u0131n korunmas\u0131, turizmin uzun vadeli gelece\u011fi a\u00e7\u0131s\u0131ndan kritik \u00f6nemdedir. Casa Sur Antalya olarak yaban hayat\u0131n\u0131n korunmas\u0131n\u0131, i\u015fletmemizin temel de\u011ferlerinden biri olarak g\u00f6r\u00fcyoruz. <\/p>\n\n\n\n<p>Bunun i\u00e7in;<\/p>\n\n\n\n<ul class=\"wp-block-list\">\n<li>Tesisimizde ve \u00e7evremizde do\u011fal ya\u015fam\u0131 destekleyen uygulamalar\u0131 hayata ge\u00e7iriyoruz (\u00f6rne\u011fin ku\u015f yuvalar\u0131, ar\u0131 dostu bitkiler, kelebekleri \u00e7eken \u00e7i\u00e7ekler).<\/li>\n\n\n\n<li>Do\u011fal ya\u015fam alanlar\u0131n\u0131 tahrip etmeyecek \u015fekilde bah\u00e7e d\u00fczenlemeleri yap\u0131yor, sulama sistemlerimizde su tasarrufu sa\u011flayacak \u00e7\u00f6z\u00fcmler kullan\u0131yoruz.<\/li>\n\n\n\n<li>Yaban hayat\u0131na zarar verecek her t\u00fcrl\u00fc aktiviteden ka\u00e7\u0131n\u0131yor, avc\u0131l\u0131k ve yasad\u0131\u015f\u0131 hayvan ticaretine kar\u015f\u0131 duruyoruz.<\/li>\n\n\n\n<li>Misafirlerimizi do\u011faya sayg\u0131l\u0131 davran\u0131\u015flara y\u00f6nlendiriyor, \u00f6zellikle y\u00fcr\u00fcy\u00fc\u015f ve ke\u015fif aktivitelerinde \u00e7evreye zarar verilmemesi konusunda bilgilendiriyoruz.<\/li>\n\n\n\n<li>\u00c7evredeki do\u011fal habitatlar\u0131n korunmas\u0131 i\u00e7in yerel y\u00f6netim ve sivil toplum kurulu\u015flar\u0131yla i\u015f birli\u011fi yapmaya \u00f6nem veriyoruz.<\/li>\n<\/ul>\n\n\n\n<h2 class=\"wp-block-heading\">Yerel Halk\u0131n Desteklenmesi Politikas\u0131<\/h2>\n\n\n\n<p>Casa Sur Antalya, yaln\u0131zca bir konaklama i\u015fletmesi de\u011fil, ayn\u0131 zamanda bulundu\u011fu b\u00f6lgenin sosyal ve ekonomik yap\u0131s\u0131na katk\u0131 sunmay\u0131 ama\u00e7layan bir payda\u015ft\u0131r.<\/p>\n\n\n\n<p>Bunun i\u00e7in;<\/p>\n\n\n\n<ul class=\"wp-block-list\">\n<li>Personel istihdam\u0131nda \u00f6nceli\u011fi b\u00f6lge halk\u0131na vererek yerel istihdam\u0131 g\u00fc\u00e7lendiriyoruz.<\/li>\n\n\n\n<li>Men\u00fcm\u00fczde ve restoran\u0131m\u0131zda yerel \u00fcreticilerden al\u0131nan \u00fcr\u00fcnleri kullanarak hem ekonomik destek sa\u011fl\u0131yor hem de misafirlerimize yerel tatlar\u0131 deneyimleme f\u0131rsat\u0131 sunuyoruz.<\/li>\n\n\n\n<li>Yerel sanat\u00e7\u0131, zanaatk\u00e2r ve giri\u015fimcilerin \u00fcr\u00fcnlerine i\u015fletmemizde yer veriyor, onlar\u0131n turizmden do\u011frudan fayda sa\u011flamas\u0131na katk\u0131 sa\u011fl\u0131yoruz.<\/li>\n\n\n\n<li>B\u00f6lge k\u00fclt\u00fcr\u00fcn\u00fc tan\u0131tacak etkinlikler, sergiler ve i\u015f birlikleriyle misafirlerimizin otantik bir deneyim ya\u015famas\u0131na arac\u0131l\u0131k ediyoruz.<\/li>\n\n\n\n<li>Sosyal sorumluluk projeleri ile e\u011fitim, \u00e7evre ve k\u00fclt\u00fcrel faaliyetlerde yerel halk\u0131n yan\u0131nda yer al\u0131yoruz.<\/li>\n<\/ul>\n\n\n\n<p>B\u00f6ylece turizmin yaln\u0131zca misafirlere de\u011fil, ev sahibi topluma da fayda sa\u011flamas\u0131n\u0131 ama\u00e7l\u0131yoruz.<\/p>\n\n\n\n<h2 class=\"wp-block-heading\">S\u00dcRD\u00dcR\u00dcLEBI\u0307LI\u0307RLI\u0307K Y\u00d6NETI\u0307MI\u0307 SI\u0307STEMI\u0307<\/h2>\n\n\n\n<div class=\"wp-block-buttons is-layout-flex wp-block-buttons-is-layout-flex\">\n<div class=\"wp-block-button is-style-fill\"><a class=\"wp-block-button__link has-white-color has-text-color has-background has-link-color wp-element-button\" href=\"https:\/\/casasurantalya.com\/wp-content\/uploads\/2025\/09\/Casa_Sur-Surdurulebilir_Politikalar_ve_Yonetim.pdf\" style=\"background-color:#a55824\" target=\"_blank\" rel=\"noreferrer noopener\">DOK\u00dcMANI G\u00d6R\u00dcNT\u00dcLE<\/a><\/div>\n<\/div>\n<\/div>\n<\/div>\n\n<p><\/p>\n","protected":false},"excerpt":{"rendered":"<p>BI\u0307YO\u00c7E\u015eI\u0307TLI\u0307LI\u0307K POLI\u0307TI\u0307KASI Casa Sur Antalya olarak, Akdeniz&#8217;in e\u015fsiz do\u011fal miras\u0131n\u0131 ve ekosistemini korumay\u0131 \u00f6ncelikli g\u00f6revlerimizden biri olarak kabul ediyoruz. Bulundu\u011fumuz b\u00f6lgenin flora ve faunas\u0131n\u0131n korunmas\u0131, i\u015fletmemizin uzun vadeli s\u00fcrd\u00fcr\u00fclebilirli\u011fi a\u00e7\u0131s\u0131ndan da kritik \u00f6neme sahiptir. Bunun i\u00e7in; Amac\u0131m\u0131z yaln\u0131zca bulundu\u011fumuz alan\u0131 de\u011fil, \u00e7evredeki do\u011fal ya\u015fam\u0131 da koruyarak gelecek nesillere aktar\u0131lmas\u0131na katk\u0131 sa\u011flamakt\u0131r. \u00c7evre Koruma ve At\u0131k [&hellip;]<\/p>\n","protected":false},"author":1,"featured_media":0,"parent":1334,"menu_order":0,"comment_status":"closed","ping_status":"closed","template":"elementor_theme","meta":{"footnotes":""},"class_list":["post-5464","page","type-page","status-publish","hentry"],"yoast_head":"<!-- This site is optimized with the Yoast SEO plugin v27.4 - https:\/\/yoast.com\/product\/yoast-seo-wordpress\/ -->\n<title>S\u00fcrd\u00fcr\u00fclebilir Politikalar | Casa Sur Antalya<\/title>\n<meta name=\"robots\" content=\"index, follow, max-snippet:-1, max-image-preview:large, max-video-preview:-1\" \/>\n<link rel=\"canonical\" href=\"https:\/\/casasurantalya.com\/tr\/hakkimizda\/surdurulebilir-politikalar\/\" \/>\n<meta property=\"og:locale\" content=\"tr_TR\" \/>\n<meta property=\"og:type\" content=\"article\" \/>\n<meta property=\"og:title\" content=\"S\u00fcrd\u00fcr\u00fclebilir Politikalar | Casa Sur Antalya\" \/>\n<meta property=\"og:description\" content=\"BI\u0307YO\u00c7E\u015eI\u0307TLI\u0307LI\u0307K POLI\u0307TI\u0307KASI Casa Sur Antalya olarak, Akdeniz&#8217;in e\u015fsiz do\u011fal miras\u0131n\u0131 ve ekosistemini korumay\u0131 \u00f6ncelikli g\u00f6revlerimizden biri olarak kabul ediyoruz. Bulundu\u011fumuz b\u00f6lgenin flora ve faunas\u0131n\u0131n korunmas\u0131, i\u015fletmemizin uzun vadeli s\u00fcrd\u00fcr\u00fclebilirli\u011fi a\u00e7\u0131s\u0131ndan da kritik \u00f6neme sahiptir. Bunun i\u00e7in; Amac\u0131m\u0131z yaln\u0131zca bulundu\u011fumuz alan\u0131 de\u011fil, \u00e7evredeki do\u011fal ya\u015fam\u0131 da koruyarak gelecek nesillere aktar\u0131lmas\u0131na katk\u0131 sa\u011flamakt\u0131r. \u00c7evre Koruma ve At\u0131k [&hellip;]\" \/>\n<meta property=\"og:url\" content=\"https:\/\/casasurantalya.com\/tr\/hakkimizda\/surdurulebilir-politikalar\/\" \/>\n<meta property=\"og:site_name\" content=\"Casa Sur Antalya\" \/>\n<meta property=\"article:publisher\" content=\"https:\/\/www.facebook.com\/casasurantalya\/\" \/>\n<meta property=\"article:modified_time\" content=\"2025-09-09T18:12:05+00:00\" \/>\n<meta name=\"twitter:card\" content=\"summary_large_image\" \/>\n<meta name=\"twitter:site\" content=\"@casasurantalya\" \/>\n<meta name=\"twitter:label1\" content=\"Tahmini okuma s\u00fcresi\" \/>\n\t<meta name=\"twitter:data1\" content=\"9 dakika\" \/>\n<script type=\"application\/ld+json\" class=\"yoast-schema-graph\">{\"@context\":\"https:\\\/\\\/schema.org\",\"@graph\":[{\"@type\":\"WebPage\",\"@id\":\"https:\\\/\\\/casasurantalya.com\\\/tr\\\/hakkimizda\\\/surdurulebilir-politikalar\\\/\",\"url\":\"https:\\\/\\\/casasurantalya.com\\\/tr\\\/hakkimizda\\\/surdurulebilir-politikalar\\\/\",\"name\":\"S\u00fcrd\u00fcr\u00fclebilir Politikalar | Casa Sur Antalya\",\"isPartOf\":{\"@id\":\"https:\\\/\\\/casasurantalya.com\\\/tr\\\/#website\"},\"datePublished\":\"2025-09-08T00:38:00+00:00\",\"dateModified\":\"2025-09-09T18:12:05+00:00\",\"breadcrumb\":{\"@id\":\"https:\\\/\\\/casasurantalya.com\\\/tr\\\/hakkimizda\\\/surdurulebilir-politikalar\\\/#breadcrumb\"},\"inLanguage\":\"tr\",\"potentialAction\":[{\"@type\":\"ReadAction\",\"target\":[\"https:\\\/\\\/casasurantalya.com\\\/tr\\\/hakkimizda\\\/surdurulebilir-politikalar\\\/\"]}]},{\"@type\":\"BreadcrumbList\",\"@id\":\"https:\\\/\\\/casasurantalya.com\\\/tr\\\/hakkimizda\\\/surdurulebilir-politikalar\\\/#breadcrumb\",\"itemListElement\":[{\"@type\":\"ListItem\",\"position\":1,\"name\":\"Ana Sayfa\",\"item\":\"https:\\\/\\\/casasurantalya.com\\\/tr\\\/ana-sayfa\\\/\"},{\"@type\":\"ListItem\",\"position\":2,\"name\":\"Hakk\u0131m\u0131zda\",\"item\":\"https:\\\/\\\/casasurantalya.com\\\/tr\\\/hakkimizda\\\/\"},{\"@type\":\"ListItem\",\"position\":3,\"name\":\"S\u00fcrd\u00fcr\u00fclebilir Politikalar\"}]},{\"@type\":\"WebSite\",\"@id\":\"https:\\\/\\\/casasurantalya.com\\\/tr\\\/#website\",\"url\":\"https:\\\/\\\/casasurantalya.com\\\/tr\\\/\",\"name\":\"Casa Sur Antalya\",\"description\":\"Benzersiz Otel\",\"publisher\":{\"@id\":\"https:\\\/\\\/casasurantalya.com\\\/tr\\\/#organization\"},\"potentialAction\":[{\"@type\":\"SearchAction\",\"target\":{\"@type\":\"EntryPoint\",\"urlTemplate\":\"https:\\\/\\\/casasurantalya.com\\\/tr\\\/?s={search_term_string}\"},\"query-input\":{\"@type\":\"PropertyValueSpecification\",\"valueRequired\":true,\"valueName\":\"search_term_string\"}}],\"inLanguage\":\"tr\"},{\"@type\":\"Organization\",\"@id\":\"https:\\\/\\\/casasurantalya.com\\\/tr\\\/#organization\",\"name\":\"Casa Sur\",\"url\":\"https:\\\/\\\/casasurantalya.com\\\/tr\\\/\",\"logo\":{\"@type\":\"ImageObject\",\"inLanguage\":\"tr\",\"@id\":\"https:\\\/\\\/casasurantalya.com\\\/tr\\\/#\\\/schema\\\/logo\\\/image\\\/\",\"url\":\"https:\\\/\\\/casasurantalya.com\\\/wp-content\\\/uploads\\\/2021\\\/01\\\/casasur-logo.svg\",\"contentUrl\":\"https:\\\/\\\/casasurantalya.com\\\/wp-content\\\/uploads\\\/2021\\\/01\\\/casasur-logo.svg\",\"width\":1,\"height\":1,\"caption\":\"Casa Sur\"},\"image\":{\"@id\":\"https:\\\/\\\/casasurantalya.com\\\/tr\\\/#\\\/schema\\\/logo\\\/image\\\/\"},\"sameAs\":[\"https:\\\/\\\/www.facebook.com\\\/casasurantalya\\\/\",\"https:\\\/\\\/x.com\\\/casasurantalya\",\"https:\\\/\\\/www.instagram.com\\\/casasur__\\\/\",\"https:\\\/\\\/www.linkedin.com\\\/company\\\/casasur\",\"https:\\\/\\\/pinterest.com\\\/casasurantalya\\\/\"]}]}<\/script>\n<!-- \/ Yoast SEO plugin. -->","yoast_head_json":{"title":"S\u00fcrd\u00fcr\u00fclebilir Politikalar | Casa Sur Antalya","robots":{"index":"index","follow":"follow","max-snippet":"max-snippet:-1","max-image-preview":"max-image-preview:large","max-video-preview":"max-video-preview:-1"},"canonical":"https:\/\/casasurantalya.com\/tr\/hakkimizda\/surdurulebilir-politikalar\/","og_locale":"tr_TR","og_type":"article","og_title":"S\u00fcrd\u00fcr\u00fclebilir Politikalar | Casa Sur Antalya","og_description":"BI\u0307YO\u00c7E\u015eI\u0307TLI\u0307LI\u0307K POLI\u0307TI\u0307KASI Casa Sur Antalya olarak, Akdeniz&#8217;in e\u015fsiz do\u011fal miras\u0131n\u0131 ve ekosistemini korumay\u0131 \u00f6ncelikli g\u00f6revlerimizden biri olarak kabul ediyoruz. Bulundu\u011fumuz b\u00f6lgenin flora ve faunas\u0131n\u0131n korunmas\u0131, i\u015fletmemizin uzun vadeli s\u00fcrd\u00fcr\u00fclebilirli\u011fi a\u00e7\u0131s\u0131ndan da kritik \u00f6neme sahiptir. Bunun i\u00e7in; Amac\u0131m\u0131z yaln\u0131zca bulundu\u011fumuz alan\u0131 de\u011fil, \u00e7evredeki do\u011fal ya\u015fam\u0131 da koruyarak gelecek nesillere aktar\u0131lmas\u0131na katk\u0131 sa\u011flamakt\u0131r. \u00c7evre Koruma ve At\u0131k [&hellip;]","og_url":"https:\/\/casasurantalya.com\/tr\/hakkimizda\/surdurulebilir-politikalar\/","og_site_name":"Casa Sur Antalya","article_publisher":"https:\/\/www.facebook.com\/casasurantalya\/","article_modified_time":"2025-09-09T18:12:05+00:00","twitter_card":"summary_large_image","twitter_site":"@casasurantalya","twitter_misc":{"Tahmini okuma s\u00fcresi":"9 dakika"},"schema":{"@context":"https:\/\/schema.org","@graph":[{"@type":"WebPage","@id":"https:\/\/casasurantalya.com\/tr\/hakkimizda\/surdurulebilir-politikalar\/","url":"https:\/\/casasurantalya.com\/tr\/hakkimizda\/surdurulebilir-politikalar\/","name":"S\u00fcrd\u00fcr\u00fclebilir Politikalar | Casa Sur Antalya","isPartOf":{"@id":"https:\/\/casasurantalya.com\/tr\/#website"},"datePublished":"2025-09-08T00:38:00+00:00","dateModified":"2025-09-09T18:12:05+00:00","breadcrumb":{"@id":"https:\/\/casasurantalya.com\/tr\/hakkimizda\/surdurulebilir-politikalar\/#breadcrumb"},"inLanguage":"tr","potentialAction":[{"@type":"ReadAction","target":["https:\/\/casasurantalya.com\/tr\/hakkimizda\/surdurulebilir-politikalar\/"]}]},{"@type":"BreadcrumbList","@id":"https:\/\/casasurantalya.com\/tr\/hakkimizda\/surdurulebilir-politikalar\/#breadcrumb","itemListElement":[{"@type":"ListItem","position":1,"name":"Ana Sayfa","item":"https:\/\/casasurantalya.com\/tr\/ana-sayfa\/"},{"@type":"ListItem","position":2,"name":"Hakk\u0131m\u0131zda","item":"https:\/\/casasurantalya.com\/tr\/hakkimizda\/"},{"@type":"ListItem","position":3,"name":"S\u00fcrd\u00fcr\u00fclebilir Politikalar"}]},{"@type":"WebSite","@id":"https:\/\/casasurantalya.com\/tr\/#website","url":"https:\/\/casasurantalya.com\/tr\/","name":"Casa Sur Antalya","description":"Benzersiz Otel","publisher":{"@id":"https:\/\/casasurantalya.com\/tr\/#organization"},"potentialAction":[{"@type":"SearchAction","target":{"@type":"EntryPoint","urlTemplate":"https:\/\/casasurantalya.com\/tr\/?s={search_term_string}"},"query-input":{"@type":"PropertyValueSpecification","valueRequired":true,"valueName":"search_term_string"}}],"inLanguage":"tr"},{"@type":"Organization","@id":"https:\/\/casasurantalya.com\/tr\/#organization","name":"Casa Sur","url":"https:\/\/casasurantalya.com\/tr\/","logo":{"@type":"ImageObject","inLanguage":"tr","@id":"https:\/\/casasurantalya.com\/tr\/#\/schema\/logo\/image\/","url":"https:\/\/casasurantalya.com\/wp-content\/uploads\/2021\/01\/casasur-logo.svg","contentUrl":"https:\/\/casasurantalya.com\/wp-content\/uploads\/2021\/01\/casasur-logo.svg","width":1,"height":1,"caption":"Casa Sur"},"image":{"@id":"https:\/\/casasurantalya.com\/tr\/#\/schema\/logo\/image\/"},"sameAs":["https:\/\/www.facebook.com\/casasurantalya\/","https:\/\/x.com\/casasurantalya","https:\/\/www.instagram.com\/casasur__\/","https:\/\/www.linkedin.com\/company\/casasur","https:\/\/pinterest.com\/casasurantalya\/"]}]}},"meta_box":[],"_links":{"self":[{"href":"https:\/\/casasurantalya.com\/tr\/wp-json\/wp\/v2\/pages\/5464","targetHints":{"allow":["GET"]}}],"collection":[{"href":"https:\/\/casasurantalya.com\/tr\/wp-json\/wp\/v2\/pages"}],"about":[{"href":"https:\/\/casasurantalya.com\/tr\/wp-json\/wp\/v2\/types\/page"}],"author":[{"embeddable":true,"href":"https:\/\/casasurantalya.com\/tr\/wp-json\/wp\/v2\/users\/1"}],"replies":[{"embeddable":true,"href":"https:\/\/casasurantalya.com\/tr\/wp-json\/wp\/v2\/comments?post=5464"}],"version-history":[{"count":0,"href":"https:\/\/casasurantalya.com\/tr\/wp-json\/wp\/v2\/pages\/5464\/revisions"}],"up":[{"embeddable":true,"href":"https:\/\/casasurantalya.com\/tr\/wp-json\/wp\/v2\/pages\/1334"}],"wp:attachment":[{"href":"https:\/\/casasurantalya.com\/tr\/wp-json\/wp\/v2\/media?parent=5464"}],"curies":[{"name":"wp","href":"https:\/\/api.w.org\/{rel}","templated":true}]}}